{"id":928,"date":"2019-11-30T08:18:21","date_gmt":"2019-11-30T11:18:21","guid":{"rendered":"https:\/\/isdanza-cha.infd.edu.ar\/sitio\/?page_id=928"},"modified":"2022-05-19T12:27:00","modified_gmt":"2022-05-19T15:27:00","slug":"asociacion-cooperadora","status":"publish","type":"page","link":"https:\/\/isdanza-cha.infd.edu.ar\/sitio\/asociacion-cooperadora\/","title":{"rendered":"ASOCIACI\u00d3N COOPERADORA"},"content":{"rendered":"\n<p><\/p>\n\n\n<h4>\u00a0 <span style=\"color: #0000ff;\"><strong>CONSIDERACIONES GENERALES<\/strong><\/span><\/h4>\n<ul>\n<li>\n<p class=\"Estilo17\"><em>La Asociaci\u00f3n Cooperadora de ISPEA DANZA Y TEATRO \u00abAng\u00e9lica Pellegrini\u00bb se cre\u00f3 en el a\u00f1o 2019 y fue reconocida oficialmente por Disposici\u00f3n N\u00ba &#8230;\u00a0 del Ministerio de Educaci\u00f3n, Cultura, Ciencia y Tecnolog\u00eda -M.E.C.C.yT- de la provincia del Chaco<\/em><\/p>\n<\/li>\n<li>\n<p class=\"Estilo17\"><em>Todas las actividades que realiza la Asociaci\u00f3n Cooperadora del ISPEA DANZA Y TEATRO\u00a0 se enmarcan en LAS NORMATIVAS NACIONALES Y PROVINCIALES\u00a0 de Cooperadoras Escolares, y tiene por objeto cooperar estrechamente con la acci\u00f3n que desarrolla la instituci\u00f3n eduacativa, buscando contribuir por todos los medios a su alcance para lograr mayor eficiencia en el quehacer escolar.<\/em><\/p>\n<\/li>\n<\/ul>\n<h4 class=\"Estilo16\"><span style=\"color: #0000ff;\"><strong>ACCIONES A DESARROLLAR<\/strong><\/span><\/h4>\n<ul>\n<li>\n<p class=\"Estilo17\"><em>Cooperar con la instituci\u00f3n educativa para garantizar un buen funcionamiento escolar.<\/em><\/p>\n<\/li>\n<li>\n<p class=\"Estilo17\"><em>Garantizar la calidad de la ense\u00f1anza para favorecer el trayecto de la formaci\u00f3n de los estudiantes con inversiones pactadas y acordadas.<\/em><\/p>\n<\/li>\n<li>\n<p class=\"Estilo17\"><em>Financiar\u00a0 y estimular propuestas de investigaci\u00f3n y capacitaci\u00f3n de los docentes adem\u00e1s de la incorporaci\u00f3n de nuevas tecnolog\u00edas<\/em><\/p>\n<\/li>\n<li>\n<p class=\"Estilo17\"><em>Equipar con mobiliario, m\u00e1quinas y elementos necesarios para garantizar un buen funcionamiento.<\/em><\/p>\n<\/li>\n<li>\n<p class=\"Estilo17\"><em>Proveer de libros y material did\u00e1ctico.<\/em><\/p>\n<\/li>\n<li>\n<p class=\"Estilo17\"><em>Proveer elementos para el mantenimiento del edificio escolar,\u00a0 y\u00a0 limpieza del mismo.<\/em><\/p>\n<\/li>\n<li>\n<p class=\"Estilo17\"><em>Interactuar constantemente con miembros de la comunidad afianzando el accionar institucional.<\/em><\/p>\n<\/li>\n<li>\n<p class=\"Estilo17\"><em>Establece v\u00ednculos de cooperaci\u00f3n con entidades p\u00fablicas o privadas (Municipios, otras escuelas, asociaciones intermedias, universidades etc.).<\/em><\/p>\n<\/li>\n<li>\n<p class=\"Estilo17\"><em style=\"font-size: inherit;\">Proponer , gu\u00edar y orientar a\u00a0 docentes, alumnos,\u00a0 ex alumnos que realizan micro emprendimientos a fines,\u00a0 para fortalecer el funcionamiento institucional.<\/em><\/p>\n<\/li>\n<\/ul>\n<p><strong>RESOLUCI\u00d3N\u00a0 DEL MECCYT\u00a0 N\u00aa 302 que reconoce a la ASOCIACI\u00d6N COOPERADORA DEL INSTITUTO DE EDUCACION SUPERIOR DE DANZA Y TEATRO \u00abANGELIcA PELLEGRINI\u00bb<\/strong>\u00a0 <a href=\"https:\/\/isdanza-cha.infd.edu.ar\/sitio\/wp-content\/uploads\/2022\/05\/RESOLUCION-MECCYT-302.pdf\">RESOLUCION MECCYT 302\u00a0\u00a0<\/a><\/p>\n<hr \/>\n<h3 style=\"text-align: left;\"><span style=\"color: #99cc00;\">GESTI\u00d3N 2022<\/span><\/h3>\n<p style=\"text-align: left;\"><strong><span style=\"color: #008000;\">\u00a0 \u00a0 REUNI\u00d3N VIRTUAL 04-05-2022<\/span><\/strong><\/p>\n<p><span style=\"color: #99cc00;\">\u00a0 \u00a0 \u00a0 \u00a0 \u00a0 \u00a0 \u00a0 \u00a0 \u00a0 \u00a0 \u00a0 \u00a0 \u00a0 \u00a0 \u00a0 \u00a0 \u00a0 \u00a0 \u00a0 \u00a0 \u00a0 \u00a0 \u00a0 \u00a0 \u00a0 \u00a0 \u00a0 \u00a0 \u00a0 \u00a0 \u00a0 \u00a0 \u00a0 \u00a0 \u00a0 \u00a0 \u00a0<img decoding=\"async\" loading=\"lazy\" class=\"wp-image-1328 alignleft\" src=\"https:\/\/isdanza-cha.infd.edu.ar\/sitio\/wp-content\/uploads\/2022\/05\/FOTO-0-1000x562.jpg\" alt=\"REUNION VIRTUAL PARA ORGANIZAR ASAMBLEA 2022\" width=\"492\" height=\"276\" srcset=\"https:\/\/isdanza-cha.infd.edu.ar\/sitio\/wp-content\/uploads\/2022\/05\/FOTO-0-1000x562.jpg 1000w, https:\/\/isdanza-cha.infd.edu.ar\/sitio\/wp-content\/uploads\/2022\/05\/FOTO-0-768x431.jpg 768w, https:\/\/isdanza-cha.infd.edu.ar\/sitio\/wp-content\/uploads\/2022\/05\/FOTO-0.jpg 1280w\" sizes=\"(max-width: 492px) 100vw, 492px\" \/><\/span><\/p>\n<p>\u00a0<\/p>\n<p>\u00a0<\/p>\n<p>\u00a0<\/p>\n<p>\u00a0<\/p>\n<hr \/>\n<p><strong><span style=\"color: #339966;\">DIFUSI\u00d3N DE ASAMBLEA , a llevarse a cabo el proximo 19 de Mayo a las 19:00 Hrs, en la Institutci\u00f3n Escolar<\/span><\/strong><\/p>\n<p style=\"text-align: left;\"><img decoding=\"async\" loading=\"lazy\" class=\" wp-image-1325 alignleft\" src=\"https:\/\/isdanza-cha.infd.edu.ar\/sitio\/wp-content\/uploads\/2022\/05\/DIFUSION-1.jpg\" alt=\"\" width=\"393\" height=\"389\" \/><strong>Convocatoria La Asociaci\u00f3n Cooperadora del ISPEA Danza y Teatro<\/strong> hace extensiva la invitaci\u00f3n a toda la comunidad educativa a la Asamblea Anual Ordinaria y Renovaci\u00f3n Parcial de Autoridades, a celebrarse de manera presencial en el Instituto ISPEA cito en Castelli 62 de la Ciudad de Resistencia, el d\u00eda 17 de mayo del a\u00f1o en curso, a las 19:00h, para considerar lo siguiente:<\/p>\n<p><strong>ORDEN DEL D\u00cdA<\/strong><\/p>\n<p>1) Designaci\u00f3n de dos asamble\u00edstas para la firma del Acta de Asamblea.<\/p>\n<p>2) Lectura y consideraci\u00f3n de la Memoria y Balance General, correspondiente al ejercicio 2021.<\/p>\n<p>3) Renovaci\u00f3n parcial de la Comisi\u00f3n Directiva y Comisi\u00f3n Revisora de Cuentas.<\/p>\n<hr \/>\n<h4><span style=\"color: #339966;\"><strong>ASAMBLEA 2022 <\/strong><\/span><span style=\"color: #000000;\">(llevada a cabo en la institucion escolar el dia 19 de mayo de 2022 a las 19:00 hrs)<\/span><\/h4>\n<p><img decoding=\"async\" loading=\"lazy\" class=\"wp-image-1323 alignleft\" src=\"https:\/\/isdanza-cha.infd.edu.ar\/sitio\/wp-content\/uploads\/2022\/05\/FOTO2-1000x713.jpg\" alt=\"\" width=\"301\" height=\"214\" srcset=\"https:\/\/isdanza-cha.infd.edu.ar\/sitio\/wp-content\/uploads\/2022\/05\/FOTO2-1000x713.jpg 1000w, https:\/\/isdanza-cha.infd.edu.ar\/sitio\/wp-content\/uploads\/2022\/05\/FOTO2-768x547.jpg 768w, https:\/\/isdanza-cha.infd.edu.ar\/sitio\/wp-content\/uploads\/2022\/05\/FOTO2-1536x1094.jpg 1536w, https:\/\/isdanza-cha.infd.edu.ar\/sitio\/wp-content\/uploads\/2022\/05\/FOTO2.jpg 1600w\" sizes=\"(max-width: 301px) 100vw, 301px\" \/><\/p>\n<p>Orden del d\u00eda:<br \/>1. Apertura de la Asamblea y lectura del Orden del D\u00eda.<br \/>2. Elecci\u00f3n de dos socios activos para firmar el acta de Asamblea.<br \/>3. Presentaci\u00f3n de los Fondos disponible a la realizaci\u00f3n de la Asamblea e Informe de Inventarios de Bienes realizados en la instituci\u00f3n por parte de los Directivos.<br \/>4. Elecci\u00f3n de socios para integrar la Comisi\u00f3n Directiva en car\u00e1cter de miembros titulares y suplentes seg\u00fan corresponda de acuerdo al estatuto.<br \/>5. Elecci\u00f3n de 4 (cuatro) socios activos para integrar Comisi\u00f3n Revisora de Cuentas; 3 (tres) titulares y 1 (un) suplente.<br \/>6. Determinar que a partir de la fecha se comenzar\u00e1n a desarrollar todas las diligencias administrativas para que la Comisi\u00f3n sea reconocida por el Ministerio de Educaci\u00f3n, Cultura, Ciencia y Tecnolog\u00eda.<br \/>7. Convocatoria a futuras reuniones de Comisi\u00f3n Directiva a efectos de tratar el plan de trabajo, lo que resta del a\u00f1o.<br \/>Se designa, para la firma del Acta de Asamblea, a dos asociados, Sr\/a Campestrini, Cristina Luisa DNI N\u00b0 12.470.912 y Sr\/a Arriola Guadalupe DNI N\u00b0 27.487.502<\/p>\n<hr \/>\n<h4><span style=\"color: #339966;\"><strong>DOCUMENTACI\u00d3N<\/strong><\/span> <img decoding=\"async\" loading=\"lazy\" class=\"aligncenter wp-image-1331\" src=\"https:\/\/isdanza-cha.infd.edu.ar\/sitio\/wp-content\/uploads\/2022\/05\/images.png\" alt=\"DOCUMENTACI\u00d3N\" width=\"174\" height=\"87\" \/><\/h4>\n<ul>\n<li><a href=\"https:\/\/isdanza-cha.infd.edu.ar\/sitio\/wp-content\/uploads\/2022\/05\/acta_asamblea_general_ordinaria_2022.pdf\">acta_asamblea_general_ordinaria_2022\u00a0 \u00a0 (al abrir el documento\u00a0 podran conocer\u00a0 el total de miembros y funciones de los mismos)<\/a><\/li>\n<li><a href=\"https:\/\/isdanza-cha.infd.edu.ar\/sitio\/wp-content\/uploads\/2022\/05\/MEMORIA-ANUAL-DE-LA-ASOCIACION-COOPERADORA.pdf\">MEMORIA ANUAL DE LA ASOCIACION COOPERADORA<\/a><\/li>\n<li style=\"text-align: left;\"><a style=\"font-size: inherit;\" href=\"https:\/\/isdanza-cha.infd.edu.ar\/sitio\/wp-content\/uploads\/2022\/05\/Balance-Cooperadora-ISPEA-2021.pdf\">Balance Cooperadora ISPEA 2021<\/a><\/li>\n<\/ul>\n<hr \/>\n<h3><span style=\"color: #0000ff;\"><b>GESTI\u00d3N\u00a02021<\/b><\/span><\/h3>\n<p style=\"text-align: left;\"><strong>\u00a0 \u00a0<span style=\"color: #333399;\">REUNI\u00d3N 10-MAYO-2021<\/span><\/strong><\/p>\n<p><img decoding=\"async\" loading=\"lazy\" class=\"wp-image-1141 alignleft\" src=\"https:\/\/isdanza-cha.infd.edu.ar\/sitio\/wp-content\/uploads\/2021\/05\/imag-1-1000x600.jpg\" alt=\"\" width=\"244\" height=\"146\" srcset=\"https:\/\/isdanza-cha.infd.edu.ar\/sitio\/wp-content\/uploads\/2021\/05\/imag-1-1000x600.jpg 1000w, https:\/\/isdanza-cha.infd.edu.ar\/sitio\/wp-content\/uploads\/2021\/05\/imag-1-768x461.jpg 768w, https:\/\/isdanza-cha.infd.edu.ar\/sitio\/wp-content\/uploads\/2021\/05\/imag-1.jpg 1280w\" sizes=\"(max-width: 244px) 100vw, 244px\" \/><\/p>\n<ul>\n<li style=\"list-style-type: none;\">\n<ul>\n<li>\u00a0<strong>Objetivos:<\/strong>\n<ul>\n<li style=\"text-align: left;\">Organizar Asamblea para la reorganizaci\u00f3n de la Asociaci\u00f3n Cooperadora<\/li>\n<li style=\"text-align: left;\">Dise\u00f1ar difusi\u00f3n de asamblea para utima quincena de mayo de 2021<\/li>\n<li style=\"text-align: left;\">\u00a0Recibir asesoramiento para la organizaci\u00f3n de\u00a0 propuesta de Capacitaci\u00f3n<\/li>\n<li style=\"text-align: left;\">Dise\u00f1ar log\u00edstica para el desarrollo de Postitulos institucional.<\/li>\n<\/ul>\n<\/li>\n<\/ul>\n<\/li>\n<\/ul>\n<p><img decoding=\"async\" loading=\"lazy\" class=\"alignnone wp-image-1142\" src=\"https:\/\/isdanza-cha.infd.edu.ar\/sitio\/wp-content\/uploads\/2021\/05\/imagen-2-1000x563.jpg\" alt=\"\" width=\"258\" height=\"145\" srcset=\"https:\/\/isdanza-cha.infd.edu.ar\/sitio\/wp-content\/uploads\/2021\/05\/imagen-2-1000x563.jpg 1000w, https:\/\/isdanza-cha.infd.edu.ar\/sitio\/wp-content\/uploads\/2021\/05\/imagen-2-768x432.jpg 768w, https:\/\/isdanza-cha.infd.edu.ar\/sitio\/wp-content\/uploads\/2021\/05\/imagen-2.jpg 1280w\" sizes=\"(max-width: 258px) 100vw, 258px\" \/> <img decoding=\"async\" loading=\"lazy\" class=\"alignnone wp-image-1143\" src=\"https:\/\/isdanza-cha.infd.edu.ar\/sitio\/wp-content\/uploads\/2021\/05\/imagen-reunion-1000x562.jpg\" alt=\"\" width=\"272\" height=\"153\" srcset=\"https:\/\/isdanza-cha.infd.edu.ar\/sitio\/wp-content\/uploads\/2021\/05\/imagen-reunion-1000x562.jpg 1000w, https:\/\/isdanza-cha.infd.edu.ar\/sitio\/wp-content\/uploads\/2021\/05\/imagen-reunion-768x431.jpg 768w, https:\/\/isdanza-cha.infd.edu.ar\/sitio\/wp-content\/uploads\/2021\/05\/imagen-reunion.jpg 1280w\" sizes=\"(max-width: 272px) 100vw, 272px\" \/><\/p>\n<hr \/>\n<p style=\"text-align: left;\"><span style=\"color: #000080;\"><strong>DIFUSION POR DIFERENTES MEDIOS A LA ASAMBLEA ANUAL 2021<\/strong><\/span><\/p>\n<p style=\"text-align: center;\"><img decoding=\"async\" loading=\"lazy\" class=\"wp-image-1160 alignleft\" src=\"https:\/\/isdanza-cha.infd.edu.ar\/sitio\/wp-content\/uploads\/2021\/05\/Sin-t\u00edtulo-1000x1000.jpg\" alt=\"\" width=\"295\" height=\"295\" srcset=\"https:\/\/isdanza-cha.infd.edu.ar\/sitio\/wp-content\/uploads\/2021\/05\/Sin-t\u00edtulo-1000x1000.jpg 1000w, https:\/\/isdanza-cha.infd.edu.ar\/sitio\/wp-content\/uploads\/2021\/05\/Sin-t\u00edtulo-500x500.jpg 500w, https:\/\/isdanza-cha.infd.edu.ar\/sitio\/wp-content\/uploads\/2021\/05\/Sin-t\u00edtulo-768x768.jpg 768w, https:\/\/isdanza-cha.infd.edu.ar\/sitio\/wp-content\/uploads\/2021\/05\/Sin-t\u00edtulo.jpg 1280w\" sizes=\"(max-width: 295px) 100vw, 295px\" \/><\/p>\n<hr \/>\n<p style=\"text-align: center;\"><span style=\"color: #ff6600;\">Si haces clic en el siguiente enlace\u00a0 podes ver acciones llevadas a cabo durante los a\u00f1os 2019-2020 y parte del 2021<\/span><\/p>\n<p style=\"text-align: center;\"><img decoding=\"async\" loading=\"lazy\" class=\"alignnone wp-image-1149\" src=\"https:\/\/isdanza-cha.infd.edu.ar\/sitio\/wp-content\/uploads\/2021\/05\/flecha.png\" alt=\"\" width=\"48\" height=\"48\" \/><\/p>\n<p style=\"text-align: center;\"><a href=\"https:\/\/drive.google.com\/file\/d\/1Vmfywjl9SCAHEnD0I-kw8uPGl_ASoE1j\/view?usp=sharing\">https:\/\/drive.google.com\/file\/d\/1Vmfywjl9SCAHEnD0I-kw8uPGl_ASoE1j\/view?usp=sharing<\/a><\/p>\n<hr \/>\n<h5 style=\"text-align: left;\"><span style=\"color: #0000ff;\"><strong>ASAMBLEA ANUAL\u00a0 <\/strong><\/span><strong style=\"color: #0000ff; font-size: inherit; text-align: center;\">20 Mayo 2021<\/strong><\/h5>\n<p><img decoding=\"async\" loading=\"lazy\" class=\"wp-image-1155 alignleft\" src=\"https:\/\/isdanza-cha.infd.edu.ar\/sitio\/wp-content\/uploads\/2021\/05\/63dbdbdb-23f8-4c31-bb33-35235fb9b488-1000x562.jpg\" alt=\"\" width=\"347\" height=\"195\" srcset=\"https:\/\/isdanza-cha.infd.edu.ar\/sitio\/wp-content\/uploads\/2021\/05\/63dbdbdb-23f8-4c31-bb33-35235fb9b488-1000x562.jpg 1000w, https:\/\/isdanza-cha.infd.edu.ar\/sitio\/wp-content\/uploads\/2021\/05\/63dbdbdb-23f8-4c31-bb33-35235fb9b488-768x431.jpg 768w, https:\/\/isdanza-cha.infd.edu.ar\/sitio\/wp-content\/uploads\/2021\/05\/63dbdbdb-23f8-4c31-bb33-35235fb9b488.jpg 1280w\" sizes=\"(max-width: 347px) 100vw, 347px\" \/>\u00a0 \u00a0 \u00a0 \u00a0 \u00a0 \u00a0 \u00a0 \u00a0 \u00a0 \u00a0 \u00a0<strong>Orden del d\u00eda:<\/strong><\/p>\n<ol>\n<li>Apertura de la Asamblea y lectura del Orden del D\u00eda.<\/li>\n<li>Elecci\u00f3n de dos socios activos para firmar el acta de Asamblea.<\/li>\n<li>Presentaci\u00f3n de los Fondos disponible a la realizaci\u00f3n de la Asamblea e Informe de Inventarios de Bienes realizados en la instituci\u00f3n por parte de los Directivos.<\/li>\n<li>Elecci\u00f3n de socios para integrar la Comisi\u00f3n Directiva en car\u00e1cter de miembros titulares y suplentes seg\u00fan corresponda de acuerdo al estatuto.<\/li>\n<li>Elecci\u00f3n de 4 (cuatro) socios activos para integrar Comisi\u00f3n Revisora de Cuentas; 3 (tres) titulares y 1 (un) suplente.<\/li>\n<li>Fijar monto de Caja Chica de Tesorer\u00eda o delegar esta atribuci\u00f3n en la Comisi\u00f3n Directiva.<\/li>\n<li>Fijar el monto de cuota social y forma de pago (mensual, anual, etc.) as\u00ed como los aportes colaborativos y otras contribuciones o delegar su fijaci\u00f3n en la Comisi\u00f3n Directiva no llegando a un acuerdo definitivo en esta asamblea.<\/li>\n<li>Determinar que a partir de la fecha se comenzar\u00e1n a desarrollar todas las diligencias administrativas para que la Comisi\u00f3n sea reconocida por el Ministerio de Educaci\u00f3n, Cultura, Ciencia y Tecnolog\u00eda y su futuro empadronamiento con personar\u00eda jur\u00eddica.<\/li>\n<li>Convocatoria a futuras reuniones de Comisi\u00f3n Directiva a efectos de tratar el plan de trabajo, lo que resta del a\u00f1o.<\/li>\n<\/ol>\n<p style=\"text-align: center;\">LISTA DE LOS INTEGRANTES DE LA NUEVA COMISI\u00d3N<\/p>\n<table style=\"height: 1074px;\" width=\"989\">\n<tbody>\n<tr>\n<td width=\"120\">\n<p style=\"text-align: center;\"><strong>Cargo<\/strong><\/p>\n<\/td>\n<td style=\"text-align: center;\" width=\"120\"><strong>Apellidos y Nombres<\/strong><\/td>\n<td style=\"text-align: center;\" width=\"89\">\u00a0<\/td>\n<td style=\"text-align: center;\" width=\"150\">\u00a0<\/td>\n<td width=\"120\">\u00a0<\/td>\n<\/tr>\n<tr>\n<td width=\"120\">Presidente<\/td>\n<td width=\"120\">Genez Nilda Judit<\/td>\n<td width=\"89\">\u00a0<\/td>\n<td width=\"150\">\u00a0<\/td>\n<td width=\"120\">\u00a0<\/td>\n<\/tr>\n<tr>\n<td width=\"120\">Vicepresidente<\/td>\n<td width=\"120\">Mart\u00ednez Daniela Elisabeth<\/td>\n<td width=\"89\">\u00a0<\/td>\n<td width=\"150\">\u00a0<\/td>\n<td width=\"120\">\u00a0<\/td>\n<\/tr>\n<tr>\n<td width=\"120\">Tesorero<\/td>\n<td width=\"120\">Arriola Guadalupe<\/td>\n<td width=\"89\">\u00a0<\/td>\n<td width=\"150\">\u00a0<\/td>\n<td width=\"120\">\u00a0<\/td>\n<\/tr>\n<tr>\n<td width=\"120\">Pro-tesorero<\/td>\n<td width=\"120\">Neriz An\u00edbal<\/td>\n<td width=\"89\">\u00a0<\/td>\n<td width=\"150\">\u00a0<\/td>\n<td width=\"120\">\u00a0<\/td>\n<\/tr>\n<tr>\n<td width=\"120\">Secretario<\/td>\n<td width=\"120\">Garc\u00eda Loza Graciela<\/td>\n<td width=\"89\">\u00a0<\/td>\n<td width=\"150\">\u00a0<\/td>\n<td width=\"120\">\u00a0<\/td>\n<\/tr>\n<tr>\n<td width=\"120\">Pro-secretario<\/td>\n<td width=\"120\">Jara Mar\u00eda Lourdes<\/td>\n<td width=\"89\">\u00a0<\/td>\n<td width=\"150\">\u00a0<\/td>\n<td width=\"120\">\u00a0<\/td>\n<\/tr>\n<tr>\n<td width=\"120\">1\u00b0 Vocal Titular<\/td>\n<td width=\"120\">Magaldi Mar\u00eda Graciela<\/td>\n<td width=\"89\">\u00a0<\/td>\n<td width=\"150\">\u00a0<\/td>\n<td width=\"120\">\u00a0<\/td>\n<\/tr>\n<tr>\n<td width=\"120\">2\u00b0 Vocal Titular<\/td>\n<td width=\"120\">Maina Eugenia Agustina<\/td>\n<td width=\"89\">\u00a0<\/td>\n<td width=\"150\">\u00a0<\/td>\n<td width=\"120\">\u00a0<\/td>\n<\/tr>\n<tr>\n<td width=\"120\">3\u00b0 Vocal Titular<\/td>\n<td width=\"120\">Alfonzo Hugo<\/td>\n<td width=\"89\">\u00a0<\/td>\n<td width=\"150\">\u00a0<\/td>\n<td width=\"120\">\u00a0<\/td>\n<\/tr>\n<tr>\n<td width=\"120\">4\u00b0 Vocal Titular<\/td>\n<td width=\"120\">Maidana Estela Francisca<\/td>\n<td width=\"89\">\u00a0<\/td>\n<td width=\"150\">\u00a0<\/td>\n<td width=\"120\">\u00a0<\/td>\n<\/tr>\n<tr>\n<td width=\"120\">5\u00b0 Vocal Titular<\/td>\n<td width=\"120\">Espinosa Gabriela Araceli<\/td>\n<td width=\"89\">\u00a0<\/td>\n<td width=\"150\">\u00a0<\/td>\n<td width=\"120\">\u00a0<\/td>\n<\/tr>\n<tr>\n<td width=\"120\">1\u00b0 Vocal Suplente<\/td>\n<td width=\"120\">Ocampo Raquel<\/td>\n<td width=\"89\">\u00a0<\/td>\n<td width=\"150\">\u00a0<\/td>\n<td width=\"120\">\u00a0<\/td>\n<\/tr>\n<tr>\n<td width=\"120\">2\u00b0 Vocal Suplente<\/td>\n<td width=\"120\">Fabro Noelia<\/td>\n<td width=\"89\">\u00a0<\/td>\n<td width=\"150\">\u00a0<\/td>\n<td width=\"120\">\u00a0<\/td>\n<\/tr>\n<tr>\n<td width=\"120\">3\u00b0 Vocal Suplente<\/td>\n<td width=\"120\">Aguirre Daniel<\/td>\n<td width=\"89\">\u00a0<\/td>\n<td width=\"150\">\u00a0<\/td>\n<td width=\"120\">\u00a0<\/td>\n<\/tr>\n<tr>\n<td width=\"120\">4\u00b0 Vocal Suplente<\/td>\n<td width=\"120\">Acosta Luc\u00eda<\/td>\n<td width=\"89\">\u00a0<\/td>\n<td width=\"150\">\u00a0<\/td>\n<td width=\"120\">\u00a0<\/td>\n<\/tr>\n<tr>\n<td width=\"120\">5\u00b0 Vocal Suplente<\/td>\n<td width=\"120\">Meana Mar\u00eda Martha<\/td>\n<td width=\"89\">\u00a0<\/td>\n<td width=\"150\">\u00a0<\/td>\n<td width=\"120\">\u00a0<\/td>\n<\/tr>\n<tr>\n<td width=\"120\">6\u00b0 Vocal Suplente<\/td>\n<td width=\"120\">P\u00e9rtile Romina Mar\u00eda Bel\u00e9n<\/td>\n<td width=\"89\">\u00a0<\/td>\n<td width=\"150\">\u00a0<\/td>\n<td width=\"120\">\u00a0<\/td>\n<\/tr>\n<tr>\n<td width=\"120\">7\u00b0 Vocal Suplente<\/td>\n<td width=\"120\">C\u00f3rdoba Yanina<\/td>\n<td width=\"89\">\u00a0<\/td>\n<td width=\"150\">\u00a0<\/td>\n<td width=\"120\">\u00a0<\/td>\n<\/tr>\n<tr>\n<td width=\"120\">1\u00b0 Comisi\u00f3n Revisora de Cuentas Titular<\/td>\n<td width=\"120\">Gonz\u00e1lez Carina<\/td>\n<td width=\"89\">\u00a0<\/td>\n<td width=\"150\">\u00a0<\/td>\n<td width=\"120\">\u00a0<\/td>\n<\/tr>\n<tr>\n<td width=\"120\">2\u00b0 Comisi\u00f3n Revisora de Cuentas Titular<\/td>\n<td width=\"120\">Ayala Norma Lilian<\/td>\n<td width=\"89\">\u00a0<\/td>\n<td width=\"150\">\u00a0<\/td>\n<td width=\"120\">\u00a0<\/td>\n<\/tr>\n<tr>\n<td width=\"120\">3\u00b0 Comisi\u00f3n Revisora de Cuentas Titular<\/td>\n<td width=\"120\">Campestrini Cristina Luisa<\/td>\n<td width=\"89\">\u00a0<\/td>\n<td width=\"150\">\u00a0<\/td>\n<td width=\"120\">\u00a0<\/td>\n<\/tr>\n<tr>\n<td width=\"120\">4\u00b0 Comisi\u00f3n Revisora de Cuentas Suplente<\/td>\n<td width=\"120\">Gonz\u00e1lez Karina<\/td>\n<td width=\"89\">\u00a0<\/td>\n<td width=\"150\">\u00a0<\/td>\n<td width=\"120\">\u00a0<\/td>\n<\/tr>\n<\/tbody>\n<\/table>\n<hr \/>\n<p><span style=\"color: #339966;\"><strong>INFORME DE COMISI\u00d3N REVISORA DE CUENTA\u00a0<\/strong><\/span><\/p>\n<ul>\n<li><a href=\"https:\/\/isdanza-cha.infd.edu.ar\/sitio\/wp-content\/uploads\/2020\/03\/MEMORIA-2019-Ultima-Febrero-2020.docx\">MEMORIA 2019 Ultima Febrero 2020<\/a><\/li>\n<li><a href=\"https:\/\/isdanza-cha.infd.edu.ar\/sitio\/wp-content\/uploads\/2020\/03\/PLANILLA-RESUMEN-EJERCICIO-COMPRENDIDO-ENTRE.docx\">PLANILLA RESUMEN EJERCICIO<\/a><\/li>\n<\/ul>\n<hr \/>\n\n\n<h2 class=\"wp-block-heading\"><\/h2>\n\n\n\n<p><\/p>\n","protected":false},"excerpt":{"rendered":"<p>\u00a0 CONSIDERACIONES GENERALES La Asociaci\u00f3n Cooperadora de ISPEA DANZA Y TEATRO \u00abAng\u00e9lica Pellegrini\u00bb se cre\u00f3 en el a\u00f1o 2019 y fue reconocida oficialmente por Disposici\u00f3n N\u00ba &#8230;\u00a0 del Ministerio de Educaci\u00f3n, Cultura, Ciencia y Tecnolog\u00eda -M.E.C.C.yT- de la provincia del Chaco Todas las actividades que realiza la Asociaci\u00f3n Cooperadora del ISPEA DANZA Y TEATRO\u00a0 se &#8230; <a title=\"ASOCIACI\u00d3N COOPERADORA\" class=\"read-more\" href=\"https:\/\/isdanza-cha.infd.edu.ar\/sitio\/asociacion-cooperadora\/\" aria-label=\"More on ASOCIACI\u00d3N COOPERADORA\">[+]<\/a><\/p>\n","protected":false},"author":133,"featured_media":0,"parent":0,"menu_order":0,"comment_status":"closed","ping_status":"closed","template":"","meta":[],"acf":[],"_links":{"self":[{"href":"https:\/\/isdanza-cha.infd.edu.ar\/sitio\/wp-json\/wp\/v2\/pages\/928"}],"collection":[{"href":"https:\/\/isdanza-cha.infd.edu.ar\/sitio\/wp-json\/wp\/v2\/pages"}],"about":[{"href":"https:\/\/isdanza-cha.infd.edu.ar\/sitio\/wp-json\/wp\/v2\/types\/page"}],"author":[{"embeddable":true,"href":"https:\/\/isdanza-cha.infd.edu.ar\/sitio\/wp-json\/wp\/v2\/users\/133"}],"replies":[{"embeddable":true,"href":"https:\/\/isdanza-cha.infd.edu.ar\/sitio\/wp-json\/wp\/v2\/comments?post=928"}],"version-history":[{"count":24,"href":"https:\/\/isdanza-cha.infd.edu.ar\/sitio\/wp-json\/wp\/v2\/pages\/928\/revisions"}],"predecessor-version":[{"id":1337,"href":"https:\/\/isdanza-cha.infd.edu.ar\/sitio\/wp-json\/wp\/v2\/pages\/928\/revisions\/1337"}],"wp:attachment":[{"href":"https:\/\/isdanza-cha.infd.edu.ar\/sitio\/wp-json\/wp\/v2\/media?parent=928"}],"curies":[{"name":"wp","href":"https:\/\/api.w.org\/{rel}","templated":true}]}}