{"id":1717,"date":"2024-09-25T09:14:13","date_gmt":"2024-09-25T12:14:13","guid":{"rendered":"https:\/\/isdanza-cha.infd.edu.ar\/sitio\/?page_id=1717"},"modified":"2024-10-04T09:20:54","modified_gmt":"2024-10-04T12:20:54","slug":"normativas","status":"publish","type":"page","link":"https:\/\/isdanza-cha.infd.edu.ar\/sitio\/normativas\/","title":{"rendered":"CONSIDERACIONES a tener en cuenta al elaborar los escritos"},"content":{"rendered":"<div class=\"wp-block-image\">\n<figure class=\"aligncenter is-resized\"><img decoding=\"async\" loading=\"lazy\" src=\"https:\/\/isdanza-cha.infd.edu.ar\/sitio\/wp-content\/uploads\/2024\/09\/LOGO-FINAL.png\" alt=\"La imagen tiene un atributo ALT vac\u00edo; su nombre de archivo es LOGO-FINAL.png\" width=\"389\" height=\"95\"\/><\/figure><\/div>\n\n\n<p class=\"has-text-align-left\">\u00ab<strong>La Br\u00fajula de la Danza y el Teatro<\/strong>\u00bb es una revista educativa, de car\u00e1cter anual dedicada a la divulgaci\u00f3n y el an\u00e1lisis de las siguientes propuestas formativa que se desarrollan en ISPEA DANZA y TEATRO \u201cMar\u00eda Ang\u00e9lica Pellegrini\u201d :&nbsp; <\/p>\n\n\n\n<p class=\"has-text-align-left\">Nivel de Contacto : Talleres vocacionales (desde los 5 a\u00f1os a 8 a\u00f1os) <\/p>\n\n\n\n<p class=\"has-text-align-left\">Nivel B\u00e1sico Danza Cl\u00e1sica<\/p>\n\n\n\n<p class=\"has-text-align-left\">Nivel  Superior: <\/p>\n\n\n\n<p class=\"has-text-align-left\">Profesorado de educaci\u00f3n superior en danzas con orientaci\u00f3n en danzas cl\u00e1sicas.<br>Profesorado de educaci\u00f3n superior en danzas con orientaci\u00f3n en danzas folkl\u00f3ricas argentinas.<br>Profesorado de educaci\u00f3n superior en expresi\u00f3n corporal.<br>Profesorado de educaci\u00f3n superior en teatro.<br>Tecnicatura superior en danzas cl\u00e1sicas y contempor\u00e1neas.<br>Tecnicatura superior en danzas folkl\u00f3ricas argentinas y tango.<br>Tecnicatura superior en teatro.<\/p>\n\n\n\n<p class=\"has-text-align-left\">El prop\u00f3sito es poner en valor metodolog\u00edas, estrategias y propuestas did\u00e1cticas que permitan mostrar de qu\u00e9 manera las diferentes unidades curriculares,&nbsp; generan espacios acad\u00e9micos creativos en diferentes contextos y a trav\u00e9s de los distintos enfoques pedag\u00f3gicos que contribuyen al desarrollo y la transformaci\u00f3n del arte en sus m\u00faltiples manifestaciones.<\/p>\n\n\n\n<p class=\"has-text-align-left\">De igual modo se pretende fortalecer&nbsp; v\u00ednculos, a fin de la formaci\u00f3n de una comunidad de lectores y creadores, en t\u00e9rminos de prosumidores,&nbsp; promoviendo el di\u00e1logo enriquecedor y la pluralidad de voces. Este espacio busca compartir distintas perspectivas sobre la realidad art\u00edstica y educativa, enriqueciendo as\u00ed el panorama cultural y formativo.<\/p>\n\n\n\n<hr class=\"wp-block-separator has-alpha-channel-opacity\"\/>\n\n\n\n<p><strong>Informaci\u00f3n para publicaci\u00f3nes<\/strong><\/p>\n\n\n\n<p>*- Se invita, a enviar  aportes  sobre las diferentes pr\u00e1cticas pedag\u00f3gicas y desaf\u00edos que a diario se transita en las aulas.  Los ejes a trabajar en este a\u00f1o 2024 son: <\/p>\n\n\n\n<p>1) <strong>Representaciones art\u00edsticas\/pedag\u00f3gicas de profesorados y tecnicaturas <\/strong><\/p>\n\n\n\n<p>2) <strong>Narrativas pedag\u00f3gicas <\/strong><\/p>\n\n\n\n<p>3<strong>) Desaf\u00edos y Potencialidades presentes en la formaci\u00f3n de profesorados y tecnicaturas<\/strong><\/p>\n\n\n\n<hr class=\"wp-block-separator has-alpha-channel-opacity\"\/>\n\n\n\n<p>*<strong>Se propone  a las\/os autores la presentaci\u00f3n de trabajos  como:<\/strong><\/p>\n\n\n\n<ol>\n<li>Experiencias de investigaci\u00f3n educativa.<\/li>\n\n\n\n<li>Documentos colectivos de difusi\u00f3n y conocimiento.<\/li>\n\n\n\n<li>Notas, comentarios y documentos.<\/li>\n\n\n\n<li>Rese\u00f1as o comentarios bibliogr\u00e1ficos.<\/li>\n<\/ol>\n\n\n\n<hr class=\"wp-block-separator has-alpha-channel-opacity\"\/>\n\n\n\n<p class=\"has-text-align-center\"><strong>El env\u00edo del ejemplar deber\u00e1 remitirse al siguiente correo:  Labrujulaispea12@gmail.com <\/strong><\/p>\n\n\n\n<p>Este correo  ser\u00e1 la v\u00eda de comunicaci\u00f3n con el equipo editorial en caso de ser necesaria alguna modificaci\u00f3n del escrito, si se detecta, alguna cuesti\u00f3n que hace a la estructura de la presentaci\u00f3n.<\/p>\n\n\n\n<hr class=\"wp-block-separator has-alpha-channel-opacity\"\/>\n\n\n\n<p>*- <strong>Aspectos formales<\/strong><br>Criterios para la presentaci\u00f3n de los escritos. Ser\u00e1n considerados para su evaluaci\u00f3n, los trabajos que contemplen los siguientes<br>requisitos:<br><br>Los trabajos podr\u00e1n contar con un m\u00e1ximo de 3 (tres)p\u00e1ginas, incluidos gr\u00e1ficos, tablas e im\u00e1genes, notas al pie y referencias bibliogr\u00e1ficas.<br>Antes de iniciar el desarrollo del art\u00edculo, el mismo debe primeramente contener los<br>siguientes datos:<\/p>\n\n\n\n<ul>\n<li>T\u00edtulo del art\u00edculo,<\/li>\n\n\n\n<li>Nombres y apellidos del o los autores,<\/li>\n\n\n\n<li>Pertenencia institucional,<\/li>\n\n\n\n<li>Contacto: correo electr\u00f3nico.<br>El t\u00edtulo debe estar centrado, en negrita y con letra Times New Roman, tama\u00f1o 18 y los subt\u00edtulos en 14, si se incluye. El art\u00edculo debe estar escrito con letra Times New Roman junto con la bibliograf\u00eda en tama\u00f1o 12, (formato Microsoft Word) e interlineado 1,5; las notas al pie con tama\u00f1o 10;   formato de la p\u00e1gina: tama\u00f1o A4.<\/li>\n\n\n\n<li>&nbsp;Objetivo pedag\u00f3gico, prop\u00f3sito y\/o inter\u00e9s.<\/li>\n\n\n\n<li>&nbsp;Descripci\u00f3n del programa, proyecto, etc..&nbsp;-Desarrollo <\/li>\n\n\n\n<li>Conclusiones o consideraciones finales.<\/li>\n\n\n\n<li>Referencias bibliogr\u00e1ficas (si lo requiere)<\/li>\n<\/ul>\n\n\n\n<hr class=\"wp-block-separator has-alpha-channel-opacity\"\/>\n\n\n\n<p><strong>DOSSIER<\/strong><\/p>\n\n\n\n<p><strong>Citas<\/strong>: Una cita textual o directa consiste en extraer fragmentos de un texto de manera literal. Si la cita tiene hasta 40 palabras, se integra en el texto y se coloca en comillas, sin cursiva<\/p>\n\n\n\n<p><strong>Cita textual o Directa<\/strong>: Una cita textual o directa consiste en extraer fragmentos de un texto de manera literal. Si la cita tiene hasta 40 palabras, se integra en el texto y se coloca en comillas, sin cursiva.<\/p>\n\n\n\n<p><strong>Cita de Parafraseo o Indirecta<\/strong>: En este tipo de citas se utilizan las ideas de un autor, pero se las expresa en palabras propias del\/los escritor\/es<\/p>\n\n\n\n<p><strong>Citas de Citas<\/strong>: Si lees un trabajo de Pozo (2006) que cita a Piaget (1926) y no puedes acceder al original, debes citar a Piaget como fuente original y a Pozo como fuente secundaria en el texto. En las referencias bibliogr\u00e1ficas, solo incluyes el trabajo de Pozo.<\/p>\n\n\n\n<p><strong>Referencias bibliogr\u00e1ficas<\/strong><br>La bibliograf\u00eda tendr\u00e1 que ir al final del trabajo, ordenadas alfab\u00e9ticamente y siguiendo el formato de las Normas APA 6\u00aa Edici\u00f3n.<br><strong>Libro<\/strong><br><strong>Libros de un s\u00f3lo autor<\/strong>:  Apellido, A. A. (A\u00f1o). T\u00edtulo. Ciudad, Pa\u00eds: Editorial.<\/p>\n\n\n\n<p><strong>Libro de dos o m\u00e1s autores:<\/strong><br>Apellido, A. A., y Apellido, B. B. (A\u00f1o). T\u00edtulo del libro. Ciudad, Pa\u00eds: Editorial.<\/p>\n\n\n\n<p><strong>Libro con editor\/a, Coordinador\/a, Compilador\/a:<\/strong><br>Apellido, A. A. (Ed.) (A\u00f1o). T\u00edtulo. Ciudad, Pa\u00eds: Editorial.<\/p>\n\n\n\n<p><strong>Libro en versi\u00f3n electr\u00f3nica:<\/strong><br>Apellido, A. (A\u00f1o). T\u00edtulo. Lugar: Editorial (si aplica). Recuperado de<br><\/p>\n\n\n\n<p><strong>Cap\u00edtulo de libro<\/strong><br>Cap\u00edtulo de libro<br>Apellido, A. A. y Apellido, B. B. (A\u00f1o). T\u00edtulo del cap\u00edtulo a la entrada. En: A. A. Apellido.<br>(Ed.), T\u00edtulo del libro (pp. xx-xx). Ciudad, Pa\u00eds: Editorial.<br><br><strong>Art\u00edculos<\/strong><br>Art\u00edculo:<br>Apellido, A. A., Apellido, B. B., y Apellido, C. C. (A\u00f1o). T\u00edtulo del art\u00edculo. Nombre de la revista,<br>volumen(n\u00famero), pp-pp.<\/p>\n\n\n\n<p><strong>P\u00e1ginas web<\/strong><br>Autor, A. A. y Autor, B. B. \/ (2020) o (2020, agosto) o (2019, 8 de agosto) o (s. f.) \/ T\u00edtulo del<br>contenido \/ Sitio \/ Consultado el 27 de agosto de 2020\/ http:\/\/xxxxx<\/p>\n\n\n\n<p><\/p>\n","protected":false},"excerpt":{"rendered":"<p>\u00abLa Br\u00fajula de la Danza y el Teatro\u00bb es una revista educativa, de car\u00e1cter anual dedicada a la divulgaci\u00f3n y el an\u00e1lisis de las siguientes propuestas formativa que se desarrollan en ISPEA DANZA y TEATRO \u201cMar\u00eda Ang\u00e9lica Pellegrini\u201d :&nbsp; Nivel de Contacto : Talleres vocacionales (desde los 5 a\u00f1os a 8 a\u00f1os) Nivel B\u00e1sico Danza &#8230; <a title=\"CONSIDERACIONES a tener en cuenta al elaborar los escritos\" class=\"read-more\" href=\"https:\/\/isdanza-cha.infd.edu.ar\/sitio\/normativas\/\" aria-label=\"More on CONSIDERACIONES a tener en cuenta al elaborar los escritos\">[+]<\/a><\/p>\n","protected":false},"author":133,"featured_media":0,"parent":0,"menu_order":0,"comment_status":"closed","ping_status":"closed","template":"","meta":[],"acf":[],"_links":{"self":[{"href":"https:\/\/isdanza-cha.infd.edu.ar\/sitio\/wp-json\/wp\/v2\/pages\/1717"}],"collection":[{"href":"https:\/\/isdanza-cha.infd.edu.ar\/sitio\/wp-json\/wp\/v2\/pages"}],"about":[{"href":"https:\/\/isdanza-cha.infd.edu.ar\/sitio\/wp-json\/wp\/v2\/types\/page"}],"author":[{"embeddable":true,"href":"https:\/\/isdanza-cha.infd.edu.ar\/sitio\/wp-json\/wp\/v2\/users\/133"}],"replies":[{"embeddable":true,"href":"https:\/\/isdanza-cha.infd.edu.ar\/sitio\/wp-json\/wp\/v2\/comments?post=1717"}],"version-history":[{"count":31,"href":"https:\/\/isdanza-cha.infd.edu.ar\/sitio\/wp-json\/wp\/v2\/pages\/1717\/revisions"}],"predecessor-version":[{"id":1778,"href":"https:\/\/isdanza-cha.infd.edu.ar\/sitio\/wp-json\/wp\/v2\/pages\/1717\/revisions\/1778"}],"wp:attachment":[{"href":"https:\/\/isdanza-cha.infd.edu.ar\/sitio\/wp-json\/wp\/v2\/media?parent=1717"}],"curies":[{"name":"wp","href":"https:\/\/api.w.org\/{rel}","templated":true}]}}