{"id":1501,"date":"2023-09-25T13:39:37","date_gmt":"2023-09-25T16:39:37","guid":{"rendered":"https:\/\/isdanza-cha.infd.edu.ar\/sitio\/?page_id=1501"},"modified":"2024-09-20T14:20:40","modified_gmt":"2024-09-20T17:20:40","slug":"revista-la-brujula-del-teatro-y-la-danza","status":"publish","type":"page","link":"https:\/\/isdanza-cha.infd.edu.ar\/sitio\/revista-la-brujula-del-teatro-y-la-danza\/","title":{"rendered":"EDICI\u00d3N 2023: Revista \u00abLa Br\u00fajula de la danza y el teatro\u00bb"},"content":{"rendered":"\n<p><\/p>\n\n\n\n<div class=\"wp-block-media-text alignfull is-stacked-on-mobile is-vertically-aligned-center\" style=\"grid-template-columns:46% auto\"><figure class=\"wp-block-media-text__media\"><img decoding=\"async\" loading=\"lazy\" width=\"1343\" height=\"1900\" src=\"https:\/\/isdanza-cha.infd.edu.ar\/sitio\/wp-content\/uploads\/2023\/10\/La-Brujula-de-la-Danza-y-el-Teatro.-6-1343x1900.png\" alt=\"\" class=\"wp-image-1590 size-full\" srcset=\"https:\/\/isdanza-cha.infd.edu.ar\/sitio\/wp-content\/uploads\/2023\/10\/La-Brujula-de-la-Danza-y-el-Teatro.-6-1343x1900.png 1343w, https:\/\/isdanza-cha.infd.edu.ar\/sitio\/wp-content\/uploads\/2023\/10\/La-Brujula-de-la-Danza-y-el-Teatro.-6-707x1000.png 707w, https:\/\/isdanza-cha.infd.edu.ar\/sitio\/wp-content\/uploads\/2023\/10\/La-Brujula-de-la-Danza-y-el-Teatro.-6-768x1086.png 768w, https:\/\/isdanza-cha.infd.edu.ar\/sitio\/wp-content\/uploads\/2023\/10\/La-Brujula-de-la-Danza-y-el-Teatro.-6-1086x1536.png 1086w, https:\/\/isdanza-cha.infd.edu.ar\/sitio\/wp-content\/uploads\/2023\/10\/La-Brujula-de-la-Danza-y-el-Teatro.-6.png 1414w\" sizes=\"(max-width: 1343px) 100vw, 1343px\" \/><\/figure><div class=\"wp-block-media-text__content\">\n<h3 class=\"wp-block-heading has-text-align-center has-text-color\" style=\"color:#000000\"><strong>INDICE<\/strong><\/h3>\n\n\n\n<div class=\"wp-block-group is-layout-constrained\"><div class=\"wp-block-group__inner-container\">\n<div class=\"wp-block-group is-layout-constrained\"><div class=\"wp-block-group__inner-container\">\n<h2 class=\"wp-block-heading has-medium-font-size\"><a href=\"https:\/\/isdanza-cha.infd.edu.ar\/aula\/archivos\/repositorio\/\/6500\/6599\/HistoriaInstitucional_ISPEADyT.pdf\" target=\"_blank\" rel=\"noreferrer noopener\">HISTORIA INSTITUCIONAL<\/a><\/h2>\n\n\n\n<p class=\"has-small-font-size\">La escuela rusa en Danza Cl\u00e1sica<\/p>\n\n\n\n<h2 class=\"wp-block-heading has-medium-font-size\"><a href=\"https:\/\/isdanza-cha.infd.edu.ar\/aula\/archivos\/repositorio\/\/6500\/6600\/PropuestasFormativas_ISPEADyT.pdf\" target=\"_blank\" rel=\"noreferrer noopener\">PROPUESTAS DE FORMACI\u00d3N<\/a><\/h2>\n\n\n\n<p class=\"has-small-font-size\">Nivel de Contacto &#8211; Nivel B\u00e1sico Danza Cl\u00e1sica &#8211; Profesorado Danza Cl\u00e1sica y Contempor\u00e1nea &#8211; Tecnicatura Danzas Folkl\u00f3ricas Argentinas. Profesorado Danzas Folkl\u00f3ricas Argentinas y Tango. Tecnicatura Expresi\u00f3n Corporal. Profesorado Teatro. Profesorado Teatro. Tecnicatura.<\/p>\n\n\n\n<h2 class=\"wp-block-heading has-medium-font-size\"><a href=\"https:\/\/isdanza-cha.infd.edu.ar\/sitio\/representaciones-artisticas\/\" data-type=\"URL\" data-id=\"https:\/\/isdanza-cha.infd.edu.ar\/aula\/archivos\/repositorio\/\/6500\/6601\/Representaciones_artisticas_ISPEADyT.pdf\" target=\"_blank\" rel=\"noreferrer noopener\">REPRESENTACIONES ART\u00cdSTICAS<\/a><\/h2>\n\n\n\n<div class=\"wp-block-group is-nowrap is-layout-flex wp-container-2\">\n<div class=\"wp-block-group is-vertical is-layout-flex wp-container-1\">\n<p class=\"has-small-font-size\">Inundadas &#8211; \u00bfQui\u00e9n habr\u00e1 cosido 30.000 capuchas negras? &#8211; Nunca m\u00e1s &#8211; Enraizados por la verdad &#8211; Cronoscopio: un enfoque al pasado.  <\/p>\n\n\n\n<h2 class=\"wp-block-heading has-medium-font-size\"><strong><a href=\"https:\/\/isdanza-cha.infd.edu.ar\/aula\/archivos\/repositorio\/\/6500\/6602\/Educacion_Sentipensada_ISPEADyT.pdf\" target=\"_blank\" rel=\"noreferrer noopener\">LA EDUCACI\u00d3N SENTIPENSADA<\/a><\/strong><\/h2>\n<\/div>\n<\/div>\n\n\n\n<p class=\"has-small-font-size\">Postales de la Democracia en Argentina &#8211; Recorrido por la casa de la memoria.<\/p>\n\n\n\n<h2 class=\"wp-block-heading has-medium-font-size\"><strong><a href=\"https:\/\/isdanza-cha.infd.edu.ar\/aula\/archivos\/repositorio\/\/6500\/6603\/Producciones_Literarias_ISPEADyT.pdf\" target=\"_blank\" rel=\"noreferrer noopener\">PRODUCCIONES LITERARIAS<\/a><\/strong><\/h2>\n\n\n\n<p class=\"has-small-font-size\">Escritos cortos &#8211; Bombas, patria y masita dulce &#8211; Pensamientos encarcelados &#8211; Mi pa\u00eds: 40 a\u00f1os de libertad y resistencia &#8211; Relatos QOM<\/p>\n\n\n\n<h2 class=\"wp-block-heading has-medium-font-size\"><a href=\"https:\/\/isdanza-cha.infd.edu.ar\/sitio\/entrevistas\/\" data-type=\"URL\" data-id=\"https:\/\/isdanza-cha.infd.edu.ar\/aula\/archivos\/repositorio\/\/6500\/6604\/Entrevistas_ISPEADyT.pdf\" target=\"_blank\" rel=\"noreferrer noopener\">ENTREVISTAS<\/a><\/h2>\n\n\n\n<p class=\"has-small-font-size\">La historia de la educaci\u00f3n intercultural biling\u00fce en Argentina &#8211; 40 a\u00f1os de democracia, el arte como agente de resistencia.<\/p>\n\n\n\n<h2 class=\"wp-block-heading has-medium-font-size\"><a href=\"https:\/\/isdanza-cha.infd.edu.ar\/sitio\/concientizacion-digital\/\" target=\"_blank\" rel=\"noreferrer noopener\">EDUCACI\u00d3N DIGITAL<\/a><\/h2>\n\n\n\n<p class=\"has-small-font-size\">Proyecto \u201cDigitalizarte\u201d<\/p>\n<\/div><\/div>\n<\/div><\/div>\n<\/div><\/div>\n\n\n\n<pre class=\"wp-block-code has-contrast-2-color has-very-light-gray-to-cyan-bluish-gray-gradient-background has-text-color has-background has-medium-font-size\" style=\"font-style:italic;font-weight:900\"><code>                                                                                       <a rel=\"noreferrer noopener\" href=\"https:\/\/www.canva.com\/design\/DAFtA447po8\/el4YtJ7ELu-RhPA01-DTdw\/watch?utm_content=DAFtA447po8&amp;utm_campaign=designshare&amp;utm_medium=link&amp;utm_source=publishsharelink\" target=\"_blank\">- <strong>VER REVISTA COMPLETA<\/strong> -<\/a>\n                                                                                          \n                                                                                                <a href=\"https:\/\/isdanza-cha.infd.edu.ar\/aula\/archivos\/repositorio\/\/6500\/6606\/La_Brujula_de_la_Danza_y_el_Teatro-_Revista_Completa.pdf\" target=\"_blank\" rel=\"noreferrer noopener\"> #DESCARGAR#<\/a><\/code><\/pre>\n","protected":false},"excerpt":{"rendered":"","protected":false},"author":136,"featured_media":0,"parent":0,"menu_order":0,"comment_status":"closed","ping_status":"closed","template":"","meta":[],"acf":[],"_links":{"self":[{"href":"https:\/\/isdanza-cha.infd.edu.ar\/sitio\/wp-json\/wp\/v2\/pages\/1501"}],"collection":[{"href":"https:\/\/isdanza-cha.infd.edu.ar\/sitio\/wp-json\/wp\/v2\/pages"}],"about":[{"href":"https:\/\/isdanza-cha.infd.edu.ar\/sitio\/wp-json\/wp\/v2\/types\/page"}],"author":[{"embeddable":true,"href":"https:\/\/isdanza-cha.infd.edu.ar\/sitio\/wp-json\/wp\/v2\/users\/136"}],"replies":[{"embeddable":true,"href":"https:\/\/isdanza-cha.infd.edu.ar\/sitio\/wp-json\/wp\/v2\/comments?post=1501"}],"version-history":[{"count":37,"href":"https:\/\/isdanza-cha.infd.edu.ar\/sitio\/wp-json\/wp\/v2\/pages\/1501\/revisions"}],"predecessor-version":[{"id":1843,"href":"https:\/\/isdanza-cha.infd.edu.ar\/sitio\/wp-json\/wp\/v2\/pages\/1501\/revisions\/1843"}],"wp:attachment":[{"href":"https:\/\/isdanza-cha.infd.edu.ar\/sitio\/wp-json\/wp\/v2\/media?parent=1501"}],"curies":[{"name":"wp","href":"https:\/\/api.w.org\/{rel}","templated":true}]}}